{"id":2044,"date":"2021-07-15T10:18:24","date_gmt":"2021-07-15T10:18:24","guid":{"rendered":"https:\/\/www.emicasa.fr\/?page_id=2044"},"modified":"2021-07-28T08:48:01","modified_gmt":"2021-07-28T08:48:01","slug":"nid-douillet","status":"publish","type":"page","link":"https:\/\/www.emicasa.fr\/en\/nid-douillet\/","title":{"rendered":"A cosy nest !"},"content":{"rendered":"<p>[et_pb_section fb_built=&#8221;1&#8243; custom_padding_last_edited=&#8221;on|tablet&#8221; module_class=&#8221;galleryPagesTopSliderSection&#8221; _builder_version=&#8221;4.9.7&#8243; _module_preset=&#8221;default&#8221; custom_padding_tablet=&#8221;0px||0px||true|false&#8221; custom_padding_phone=&#8221;&#8221;][et_pb_row module_class=&#8221;galleryPagesTopSliderRow&#8221; _builder_version=&#8221;4.9.7&#8243; _module_preset=&#8221;default&#8221;][et_pb_column type=&#8221;4_4&#8243; _builder_version=&#8221;4.9.7&#8243; _module_preset=&#8221;default&#8221;][et_pb_gallery gallery_ids=&#8221;1798,1799,1800,1801,1802&#8243; fullwidth=&#8221;on&#8221; module_class=&#8221;galleryPagesTopSlider&#8221; _builder_version=&#8221;4.9.7&#8243; _module_preset=&#8221;default&#8221; caption_text_align=&#8221;left&#8221; pagination_text_color=&#8221;#FFFFFF&#8221; max_height=&#8221;550px&#8221; max_height_tablet=&#8221;&#8221; max_height_phone=&#8221;&#8221; max_height_last_edited=&#8221;on|tablet&#8221; custom_margin_phone=&#8221;||||false|false&#8221; custom_margin_last_edited=&#8221;off|desktop&#8221; custom_padding=&#8221;||0px|||&#8221; animation_direction=&#8221;left&#8221; auto=&#8221;on&#8221; auto_speed=&#8221;3500&#8243; hover_transition_delay=&#8221;50ms&#8221; hover_transition_speed_curve=&#8221;linear&#8221;][\/et_pb_gallery][\/et_pb_column][\/et_pb_row][\/et_pb_section][et_pb_section fb_built=&#8221;1&#8243; specialty=&#8221;on&#8221; module_class_1=&#8221;galleryPagesSpecialColB1&#8243; module_class_2=&#8221;galleryPagesSpecialColB2&#8243; module_class=&#8221;galleryPagesSpecialSection&#8221; _builder_version=&#8221;4.9.7&#8243; _module_preset=&#8221;default&#8221; custom_padding=&#8221;0px||34px|||&#8221;][et_pb_column type=&#8221;3_4&#8243; specialty_columns=&#8221;3&#8243; _builder_version=&#8221;3.25&#8243; custom_padding=&#8221;|||&#8221; custom_padding__hover=&#8221;|||&#8221;][et_pb_row_inner column_structure=&#8221;1_2,1_2&#8243; custom_padding_last_edited=&#8221;on|tablet&#8221; module_class=&#8221;galleryPagesSpecialRow&#8221; _builder_version=&#8221;4.9.7&#8243; _module_preset=&#8221;default&#8221; custom_margin=&#8221;||0px||false|false&#8221; custom_margin_tablet=&#8221;&#8221; custom_margin_phone=&#8221;&#8221; custom_margin_last_edited=&#8221;on|desktop&#8221; custom_padding_tablet=&#8221;||0px||false|false&#8221; custom_padding_phone=&#8221;&#8221;][et_pb_column_inner type=&#8221;1_2&#8243; saved_specialty_column_type=&#8221;3_4&#8243; module_class=&#8221;galleryPagesSpecialCol1&#8243; _builder_version=&#8221;4.9.7&#8243; _module_preset=&#8221;default&#8221;][et_pb_text module_class=&#8221;galleryPagesTitleText&#8221; _builder_version=&#8221;4.9.7&#8243; _module_preset=&#8221;default&#8221; header_font_size=&#8221;45px&#8221; header_letter_spacing=&#8221;6.1px&#8221; header_line_height=&#8221;1.2em&#8221; header_font_size_tablet=&#8221;&#8221; header_font_size_phone=&#8221;29px&#8221; header_font_size_last_edited=&#8221;on|phone&#8221;]<\/p>\n<h1>A cosy nest !<\/h1>\n<p>[\/et_pb_text][\/et_pb_column_inner][et_pb_column_inner type=&#8221;1_2&#8243; saved_specialty_column_type=&#8221;3_4&#8243; module_class=&#8221;galleryPagesSpecialCol2&#8243; _builder_version=&#8221;4.9.7&#8243; _module_preset=&#8221;default&#8221; custom_padding_tablet=&#8221;||0px||false|false&#8221; custom_padding_phone=&#8221;&#8221; custom_padding_last_edited=&#8221;on|tablet&#8221;][et_pb_text module_class=&#8221;galleryPagesText1&#8243; _builder_version=&#8221;4.9.7&#8243; _module_preset=&#8221;default&#8221; custom_margin_tablet=&#8221;||0px||false|false&#8221; custom_margin_phone=&#8221;&#8221; custom_margin_last_edited=&#8221;on|tablet&#8221;]My mission: restore a soft and warm atmosphere into this master bedroom. Thus, I chose to integrate the bed into an alcove painted with the Oval Room Blue (Farrow and Ball), favoring a discreet arrangement and a very soft atmosphere. The already existing furniture was inserted into a tailor made arrangement.[\/et_pb_text][\/et_pb_column_inner][\/et_pb_row_inner][\/et_pb_column][et_pb_column type=&#8221;1_4&#8243; _builder_version=&#8221;3.25&#8243; custom_padding=&#8221;|||&#8221; custom_padding__hover=&#8221;|||&#8221;][et_pb_text module_class=&#8221;galleryPagesMiniTitle1&#8243; _builder_version=&#8221;4.9.7&#8243; _module_preset=&#8221;default&#8221; text_font=&#8221;|600|||||||&#8221; text_text_color=&#8221;#899d99&#8243; custom_margin=&#8221;||1px|||&#8221;]<\/p>\n<p>WHAT<\/p>\n<p>[\/et_pb_text][et_pb_text module_class=&#8221;galleryPagesMiniText1&#8243; _builder_version=&#8221;4.9.7&#8243; _module_preset=&#8221;default&#8221; custom_margin=&#8221;||14px|||&#8221;]<\/p>\n<p><span>A master bedroom<\/span><\/p>\n<p>[\/et_pb_text][et_pb_text module_class=&#8221;galleryPagesMiniTitle2&#8243; _builder_version=&#8221;4.9.7&#8243; _module_preset=&#8221;default&#8221; text_font=&#8221;|600||on|||||&#8221; text_text_color=&#8221;#899d99&#8243;]<\/p>\n<p>WHERE<\/p>\n<p>[\/et_pb_text][et_pb_text module_class=&#8221;galleryPagesMiniText2&#8243; _builder_version=&#8221;4.9.7&#8243; _module_preset=&#8221;default&#8221; min_height=&#8221;28.7px&#8221; custom_margin=&#8221;-28px||14px|||&#8221;]<\/p>\n<p><span>Valbonne, Alpes Maritimes<\/span><\/p>\n<p>[\/et_pb_text][et_pb_text module_class=&#8221;galleryPagesMiniTitle3&#8243; _builder_version=&#8221;4.9.7&#8243; _module_preset=&#8221;default&#8221; text_font=&#8221;|600|||||||&#8221; text_text_color=&#8221;#899d99&#8243; custom_margin=&#8221;||22px|||&#8221;]<\/p>\n<p>WHEN<\/p>\n<p>[\/et_pb_text][et_pb_text module_class=&#8221;galleryPagesMiniText3&#8243; _builder_version=&#8221;4.9.7&#8243; _module_preset=&#8221;default&#8221; custom_margin=&#8221;-23px||14px|||&#8221;]<\/p>\n<p><span>October 2018<\/span><\/p>\n<p>[\/et_pb_text][\/et_pb_column][\/et_pb_section][et_pb_section fb_built=&#8221;1&#8243; _builder_version=&#8221;4.9.7&#8243; _module_preset=&#8221;default&#8221; custom_padding=&#8221;0px|||||&#8221;][et_pb_row column_structure=&#8221;1_3,2_3&#8243; use_custom_gutter=&#8221;on&#8221; gutter_width=&#8221;2&#8243; _builder_version=&#8221;4.9.7&#8243; _module_preset=&#8221;default&#8221; width=&#8221;916px&#8221; max_width=&#8221;100%&#8221; module_alignment=&#8221;center&#8221; custom_margin_tablet=&#8221;&#8221; custom_margin_phone=&#8221;-50px||||false|false&#8221; custom_margin_last_edited=&#8221;on|phone&#8221; custom_padding=&#8221;|25px||25px|false|false&#8221;][et_pb_column type=&#8221;1_3&#8243; _builder_version=&#8221;4.9.7&#8243; _module_preset=&#8221;default&#8221;][et_pb_image src=&#8221;https:\/\/www.emicasa.fr\/wp-content\/uploads\/2021\/06\/nid-douillet-1.jpg&#8221; title_text=&#8221;nid douillet&#8221; align=&#8221;center&#8221; _builder_version=&#8221;4.9.7&#8243; _module_preset=&#8221;default&#8221; filter_brightness=&#8221;139%&#8221; filter_contrast=&#8221;57%&#8221; border_radii=&#8221;on|50%|50%|50%|50%&#8221; filter_contrast__hover_enabled=&#8221;off|desktop&#8221;][\/et_pb_image][\/et_pb_column][et_pb_column type=&#8221;2_3&#8243; _builder_version=&#8221;4.9.7&#8243; _module_preset=&#8221;default&#8221;][et_pb_image src=&#8221;https:\/\/www.emicasa.fr\/wp-content\/uploads\/2021\/06\/q1.png&#8221; title_text=&#8221;q1&#8243; _builder_version=&#8221;4.9.7&#8243; _module_preset=&#8221;default&#8221;][\/et_pb_image][et_pb_text _builder_version=&#8221;4.9.7&#8243; _module_preset=&#8221;default&#8221;]<\/p>\n<p>Emicasa a conduit le projet de r\u00e9novation de notre chambre parentale.<br \/>Dot\u00e9e d\u2019une tr\u00e8s bonne \u00e9coute, notre d\u00e9coratrice Emilie a su comprendre tout de suite nos envies et attentes. Elle a \u00e9t\u00e9 de tr\u00e8s bons conseils proposant des id\u00e9es originales et astucieuses, comme l\u2019alc\u00f4ve !<br \/>Nous avons appr\u00e9ci\u00e9 \u00e9galement sa disponibilit\u00e9 dans le suivi du chantier et son s\u00e9rieux.<br \/>Le r\u00e9sultat est magnifique !<br \/>Nous recommandons vivement Emicasa !<\/p>\n<p>Tania et Marc A.<\/p>\n<p>[\/et_pb_text][et_pb_image src=&#8221;https:\/\/www.emicasa.fr\/wp-content\/uploads\/2021\/06\/q1.png&#8221; title_text=&#8221;q1&#8243; align=&#8221;right&#8221; _builder_version=&#8221;4.9.7&#8243; _module_preset=&#8221;default&#8221; transform_rotate=&#8221;0deg|0deg|180deg&#8221; width=&#8221;46px&#8221; module_alignment=&#8221;right&#8221;][\/et_pb_image][\/et_pb_column][\/et_pb_row][et_pb_row _builder_version=&#8221;4.9.7&#8243; _module_preset=&#8221;default&#8221;][et_pb_column type=&#8221;4_4&#8243; _builder_version=&#8221;4.9.7&#8243; _module_preset=&#8221;default&#8221;][et_pb_button button_url=&#8221;\/en\/realisations&#8221; button_text=&#8221;Back to Portfolio&#8221; button_alignment=&#8221;center&#8221; disabled_on=&#8221;off|off|off&#8221; module_class=&#8221;galleryPagesButton&#8221; _builder_version=&#8221;4.9.7&#8243; _module_preset=&#8221;default&#8221; custom_button=&#8221;on&#8221; button_text_size=&#8221;17px&#8221; button_text_color=&#8221;#899D99&#8243; button_border_width=&#8221;1px&#8221; button_border_radius=&#8221;0px&#8221; button_letter_spacing=&#8221;2px&#8221; button_font=&#8221;|300|||||||&#8221; hover_enabled=&#8221;0&#8243; sticky_enabled=&#8221;0&#8243;][\/et_pb_button][\/et_pb_column][\/et_pb_row][\/et_pb_section]<\/p>\n","protected":false},"excerpt":{"rendered":"<p>A cosy nest !My mission: restore a soft and warm atmosphere into this master bedroom. Thus, I chose to integrate the bed into an alcove painted with the Oval Room Blue (Farrow and Ball), favoring a discreet arrangement and a very soft atmosphere. The already existing furniture was inserted into a tailor made arrangement.WHATA master [&hellip;]<\/p>\n","protected":false},"author":2,"featured_media":0,"parent":0,"menu_order":0,"comment_status":"closed","ping_status":"closed","template":"","meta":{"_et_pb_use_builder":"on","_et_pb_old_content":"","_et_gb_content_width":"","footnotes":""},"class_list":["post-2044","page","type-page","status-publish","hentry"],"yoast_head":"<!-- This site is optimized with the Yoast SEO plugin v24.4 - https:\/\/yoast.com\/wordpress\/plugins\/seo\/ -->\n<title>A cosy nest ! - D\u00e9coration Interieur Alpes-Maritimes<\/title>\n<meta name=\"robots\" content=\"index, follow, max-snippet:-1, max-image-preview:large, max-video-preview:-1\" \/>\n<link rel=\"canonical\" href=\"https:\/\/www.emicasa.fr\/en\/nid-douillet\/\" \/>\n<meta property=\"og:locale\" content=\"en_US\" \/>\n<meta property=\"og:type\" content=\"article\" \/>\n<meta property=\"og:title\" content=\"A cosy nest ! - D\u00e9coration Interieur Alpes-Maritimes\" \/>\n<meta property=\"og:description\" content=\"A cosy nest !My mission: restore a soft and warm atmosphere into this master bedroom. Thus, I chose to integrate the bed into an alcove painted with the Oval Room Blue (Farrow and Ball), favoring a discreet arrangement and a very soft atmosphere. The already existing furniture was inserted into a tailor made arrangement.WHATA master [&hellip;]\" \/>\n<meta property=\"og:url\" content=\"https:\/\/www.emicasa.fr\/en\/nid-douillet\/\" \/>\n<meta property=\"og:site_name\" content=\"D\u00e9coration Interieur Alpes-Maritimes\" \/>\n<meta property=\"article:publisher\" content=\"https:\/\/www.facebook.com\/emicasainteriors\/\" \/>\n<meta property=\"article:modified_time\" content=\"2021-07-28T08:48:01+00:00\" \/>\n<meta property=\"og:image\" content=\"https:\/\/www.emicasa.fr\/wp-content\/uploads\/2025\/10\/Emicasa-Website-1-318x1024.png\" \/>\n\t<meta property=\"og:image:width\" content=\"318\" \/>\n\t<meta property=\"og:image:height\" content=\"1024\" \/>\n\t<meta property=\"og:image:type\" content=\"image\/png\" \/>\n<meta name=\"twitter:card\" content=\"summary_large_image\" \/>\n<meta name=\"twitter:label1\" content=\"Est. reading time\" \/>\n\t<meta name=\"twitter:data1\" content=\"5 minutes\" \/>\n<script type=\"application\/ld+json\" class=\"yoast-schema-graph\">{\"@context\":\"https:\/\/schema.org\",\"@graph\":[{\"@type\":\"WebPage\",\"@id\":\"https:\/\/www.emicasa.fr\/en\/nid-douillet\/\",\"url\":\"https:\/\/www.emicasa.fr\/en\/nid-douillet\/\",\"name\":\"A cosy nest ! - D\u00e9coration Interieur Alpes-Maritimes\",\"isPartOf\":{\"@id\":\"https:\/\/www.emicasa.fr\/en\/#website\"},\"datePublished\":\"2021-07-15T10:18:24+00:00\",\"dateModified\":\"2021-07-28T08:48:01+00:00\",\"breadcrumb\":{\"@id\":\"https:\/\/www.emicasa.fr\/en\/nid-douillet\/#breadcrumb\"},\"inLanguage\":\"en-US\",\"potentialAction\":[{\"@type\":\"ReadAction\",\"target\":[\"https:\/\/www.emicasa.fr\/en\/nid-douillet\/\"]}]},{\"@type\":\"BreadcrumbList\",\"@id\":\"https:\/\/www.emicasa.fr\/en\/nid-douillet\/#breadcrumb\",\"itemListElement\":[{\"@type\":\"ListItem\",\"position\":1,\"name\":\"Home\",\"item\":\"https:\/\/www.emicasa.fr\/en\/\"},{\"@type\":\"ListItem\",\"position\":2,\"name\":\"A cosy nest !\"}]},{\"@type\":\"WebSite\",\"@id\":\"https:\/\/www.emicasa.fr\/en\/#website\",\"url\":\"https:\/\/www.emicasa.fr\/en\/\",\"name\":\"D\u00e9coration Interieur Alpes-Maritimes\",\"description\":\"Emicasa Interiors d\u00e9coratrice d&#039;int\u00e9rieur dans le 06 et d\u00e9partements voisins\",\"publisher\":{\"@id\":\"https:\/\/www.emicasa.fr\/en\/#organization\"},\"potentialAction\":[{\"@type\":\"SearchAction\",\"target\":{\"@type\":\"EntryPoint\",\"urlTemplate\":\"https:\/\/www.emicasa.fr\/en\/?s={search_term_string}\"},\"query-input\":{\"@type\":\"PropertyValueSpecification\",\"valueRequired\":true,\"valueName\":\"search_term_string\"}}],\"inLanguage\":\"en-US\"},{\"@type\":\"Organization\",\"@id\":\"https:\/\/www.emicasa.fr\/en\/#organization\",\"name\":\"D\u00e9coration Interieur Alpes-Maritimes\",\"url\":\"https:\/\/www.emicasa.fr\/en\/\",\"logo\":{\"@type\":\"ImageObject\",\"inLanguage\":\"en-US\",\"@id\":\"https:\/\/www.emicasa.fr\/en\/#\/schema\/logo\/image\/\",\"url\":\"https:\/\/www.emicasa.fr\/wp-content\/uploads\/2022\/07\/logo-emicasa-ss-fond-original.png\",\"contentUrl\":\"https:\/\/www.emicasa.fr\/wp-content\/uploads\/2022\/07\/logo-emicasa-ss-fond-original.png\",\"width\":320,\"height\":92,\"caption\":\"D\u00e9coration Interieur Alpes-Maritimes\"},\"image\":{\"@id\":\"https:\/\/www.emicasa.fr\/en\/#\/schema\/logo\/image\/\"},\"sameAs\":[\"https:\/\/www.facebook.com\/emicasainteriors\/\"]}]}<\/script>\n<!-- \/ Yoast SEO plugin. -->","yoast_head_json":{"title":"A cosy nest ! - D\u00e9coration Interieur Alpes-Maritimes","robots":{"index":"index","follow":"follow","max-snippet":"max-snippet:-1","max-image-preview":"max-image-preview:large","max-video-preview":"max-video-preview:-1"},"canonical":"https:\/\/www.emicasa.fr\/en\/nid-douillet\/","og_locale":"en_US","og_type":"article","og_title":"A cosy nest ! - D\u00e9coration Interieur Alpes-Maritimes","og_description":"A cosy nest !My mission: restore a soft and warm atmosphere into this master bedroom. Thus, I chose to integrate the bed into an alcove painted with the Oval Room Blue (Farrow and Ball), favoring a discreet arrangement and a very soft atmosphere. The already existing furniture was inserted into a tailor made arrangement.WHATA master [&hellip;]","og_url":"https:\/\/www.emicasa.fr\/en\/nid-douillet\/","og_site_name":"D\u00e9coration Interieur Alpes-Maritimes","article_publisher":"https:\/\/www.facebook.com\/emicasainteriors\/","article_modified_time":"2021-07-28T08:48:01+00:00","og_image":[{"width":318,"height":1024,"url":"https:\/\/www.emicasa.fr\/wp-content\/uploads\/2025\/10\/Emicasa-Website-1-318x1024.png","type":"image\/png"}],"twitter_card":"summary_large_image","twitter_misc":{"Est. reading time":"5 minutes"},"schema":{"@context":"https:\/\/schema.org","@graph":[{"@type":"WebPage","@id":"https:\/\/www.emicasa.fr\/en\/nid-douillet\/","url":"https:\/\/www.emicasa.fr\/en\/nid-douillet\/","name":"A cosy nest ! - D\u00e9coration Interieur Alpes-Maritimes","isPartOf":{"@id":"https:\/\/www.emicasa.fr\/en\/#website"},"datePublished":"2021-07-15T10:18:24+00:00","dateModified":"2021-07-28T08:48:01+00:00","breadcrumb":{"@id":"https:\/\/www.emicasa.fr\/en\/nid-douillet\/#breadcrumb"},"inLanguage":"en-US","potentialAction":[{"@type":"ReadAction","target":["https:\/\/www.emicasa.fr\/en\/nid-douillet\/"]}]},{"@type":"BreadcrumbList","@id":"https:\/\/www.emicasa.fr\/en\/nid-douillet\/#breadcrumb","itemListElement":[{"@type":"ListItem","position":1,"name":"Home","item":"https:\/\/www.emicasa.fr\/en\/"},{"@type":"ListItem","position":2,"name":"A cosy nest !"}]},{"@type":"WebSite","@id":"https:\/\/www.emicasa.fr\/en\/#website","url":"https:\/\/www.emicasa.fr\/en\/","name":"D\u00e9coration Interieur Alpes-Maritimes","description":"Emicasa Interiors d\u00e9coratrice d&#039;int\u00e9rieur dans le 06 et d\u00e9partements voisins","publisher":{"@id":"https:\/\/www.emicasa.fr\/en\/#organization"},"potentialAction":[{"@type":"SearchAction","target":{"@type":"EntryPoint","urlTemplate":"https:\/\/www.emicasa.fr\/en\/?s={search_term_string}"},"query-input":{"@type":"PropertyValueSpecification","valueRequired":true,"valueName":"search_term_string"}}],"inLanguage":"en-US"},{"@type":"Organization","@id":"https:\/\/www.emicasa.fr\/en\/#organization","name":"D\u00e9coration Interieur Alpes-Maritimes","url":"https:\/\/www.emicasa.fr\/en\/","logo":{"@type":"ImageObject","inLanguage":"en-US","@id":"https:\/\/www.emicasa.fr\/en\/#\/schema\/logo\/image\/","url":"https:\/\/www.emicasa.fr\/wp-content\/uploads\/2022\/07\/logo-emicasa-ss-fond-original.png","contentUrl":"https:\/\/www.emicasa.fr\/wp-content\/uploads\/2022\/07\/logo-emicasa-ss-fond-original.png","width":320,"height":92,"caption":"D\u00e9coration Interieur Alpes-Maritimes"},"image":{"@id":"https:\/\/www.emicasa.fr\/en\/#\/schema\/logo\/image\/"},"sameAs":["https:\/\/www.facebook.com\/emicasainteriors\/"]}]}},"_links":{"self":[{"href":"https:\/\/www.emicasa.fr\/en\/wp-json\/wp\/v2\/pages\/2044","targetHints":{"allow":["GET"]}}],"collection":[{"href":"https:\/\/www.emicasa.fr\/en\/wp-json\/wp\/v2\/pages"}],"about":[{"href":"https:\/\/www.emicasa.fr\/en\/wp-json\/wp\/v2\/types\/page"}],"author":[{"embeddable":true,"href":"https:\/\/www.emicasa.fr\/en\/wp-json\/wp\/v2\/users\/2"}],"replies":[{"embeddable":true,"href":"https:\/\/www.emicasa.fr\/en\/wp-json\/wp\/v2\/comments?post=2044"}],"version-history":[{"count":6,"href":"https:\/\/www.emicasa.fr\/en\/wp-json\/wp\/v2\/pages\/2044\/revisions"}],"predecessor-version":[{"id":2149,"href":"https:\/\/www.emicasa.fr\/en\/wp-json\/wp\/v2\/pages\/2044\/revisions\/2149"}],"wp:attachment":[{"href":"https:\/\/www.emicasa.fr\/en\/wp-json\/wp\/v2\/media?parent=2044"}],"curies":[{"name":"wp","href":"https:\/\/api.w.org\/{rel}","templated":true}]}}